{"id":235,"date":"2024-02-02T10:42:49","date_gmt":"2024-02-02T10:42:49","guid":{"rendered":"https:\/\/gswest.schule.neu-ulm.de\/wordpress\/?page_id=235"},"modified":"2024-07-17T10:30:25","modified_gmt":"2024-07-17T10:30:25","slug":"kleine-klimaschuetzer","status":"publish","type":"page","link":"https:\/\/gswest.schule.neu-ulm.de\/wordpress\/?page_id=235","title":{"rendered":"Kleine Klimasch\u00fctzer"},"content":{"rendered":"<div class=\"wp-block-image\">\n<figure class=\"aligncenter size-full is-resized\"><img loading=\"lazy\" decoding=\"async\" width=\"1011\" height=\"930\" src=\"https:\/\/gswest.schule.neu-ulm.de\/wordpress\/wp-content\/uploads\/2024\/02\/Logo-KleineKlimaschuetzerunterwegs.jpg\" alt=\"\" class=\"wp-image-269\" style=\"width:308px;height:auto\" srcset=\"https:\/\/gswest.schule.neu-ulm.de\/wordpress\/wp-content\/uploads\/2024\/02\/Logo-KleineKlimaschuetzerunterwegs.jpg 1011w, https:\/\/gswest.schule.neu-ulm.de\/wordpress\/wp-content\/uploads\/2024\/02\/Logo-KleineKlimaschuetzerunterwegs-300x276.jpg 300w, https:\/\/gswest.schule.neu-ulm.de\/wordpress\/wp-content\/uploads\/2024\/02\/Logo-KleineKlimaschuetzerunterwegs-768x706.jpg 768w\" sizes=\"auto, (max-width: 1011px) 100vw, 1011px\" \/><\/figure>\n<\/div>\n\n\n<p>Dass Klimaschutz nicht erst seit heute wichtig ist, verstehen auch schon die Grundschulkinder und so vermitteln wir Ihnen, welche Rolle sie selbst daf\u00fcr spielen.<\/p>\n\n\n\n<p>Als &#8222;<a href=\"http:\/\/www.kindermeilen.de\/home.html?&amp;L=625c%22nsabwg%27x\">Kleine Klimasch\u00fctzer unterwegs<\/a>&#8220; sammeln sie gr\u00fcne Meilen f\u00fcr den umweltfreundlichen Schulweg.<\/p>\n\n\n\n<p>Zugleich haben wir mit allen Klassen Fr\u00fchbl\u00fcherbeete angelegt, Hochbeete inklusive Besatz fanden ebenso Einzug, ein Kompost nimmt den in der Schule anfallenden Biom\u00fcll auf und das Insektenhotel lockt gro\u00dfe bis ganz kleine Lebewesen in unseren Pausenhof.<\/p>\n\n\n\n<p>Zudem nimmt auch unsere Schule an der j\u00e4hrlichen Putzete der Stadt Neu-Ulm teil und sammelt gro\u00dfr\u00e4umig um unsere Schule herum M\u00fcll im \u00f6ffentlichen Raum. <\/p>\n\n\n\n<figure class=\"wp-block-image size-large\"><img loading=\"lazy\" decoding=\"async\" width=\"1024\" height=\"578\" src=\"https:\/\/gswest.schule.neu-ulm.de\/wordpress\/wp-content\/uploads\/2024\/02\/DSC_8860-1024x578.jpg\" alt=\"\" class=\"wp-image-291\" srcset=\"https:\/\/gswest.schule.neu-ulm.de\/wordpress\/wp-content\/uploads\/2024\/02\/DSC_8860-1024x578.jpg 1024w, https:\/\/gswest.schule.neu-ulm.de\/wordpress\/wp-content\/uploads\/2024\/02\/DSC_8860-300x169.jpg 300w, https:\/\/gswest.schule.neu-ulm.de\/wordpress\/wp-content\/uploads\/2024\/02\/DSC_8860-768x433.jpg 768w, https:\/\/gswest.schule.neu-ulm.de\/wordpress\/wp-content\/uploads\/2024\/02\/DSC_8860-1536x867.jpg 1536w, https:\/\/gswest.schule.neu-ulm.de\/wordpress\/wp-content\/uploads\/2024\/02\/DSC_8860-2048x1155.jpg 2048w, https:\/\/gswest.schule.neu-ulm.de\/wordpress\/wp-content\/uploads\/2024\/02\/DSC_8860-1568x885.jpg 1568w\" sizes=\"auto, (max-width: 1024px) 100vw, 1024px\" \/><\/figure>\n\n\n<div class=\"wp-block-image\">\n<figure class=\"aligncenter size-large is-resized\"><img loading=\"lazy\" decoding=\"async\" width=\"578\" height=\"1024\" src=\"https:\/\/gswest.schule.neu-ulm.de\/wordpress\/wp-content\/uploads\/2024\/02\/DSC_8766-578x1024.jpg\" alt=\"\" class=\"wp-image-292\" style=\"width:358px;height:auto\" srcset=\"https:\/\/gswest.schule.neu-ulm.de\/wordpress\/wp-content\/uploads\/2024\/02\/DSC_8766-578x1024.jpg 578w, https:\/\/gswest.schule.neu-ulm.de\/wordpress\/wp-content\/uploads\/2024\/02\/DSC_8766-169x300.jpg 169w, https:\/\/gswest.schule.neu-ulm.de\/wordpress\/wp-content\/uploads\/2024\/02\/DSC_8766-768x1361.jpg 768w, https:\/\/gswest.schule.neu-ulm.de\/wordpress\/wp-content\/uploads\/2024\/02\/DSC_8766-867x1536.jpg 867w, https:\/\/gswest.schule.neu-ulm.de\/wordpress\/wp-content\/uploads\/2024\/02\/DSC_8766-1155x2048.jpg 1155w, https:\/\/gswest.schule.neu-ulm.de\/wordpress\/wp-content\/uploads\/2024\/02\/DSC_8766-1568x2779.jpg 1568w, https:\/\/gswest.schule.neu-ulm.de\/wordpress\/wp-content\/uploads\/2024\/02\/DSC_8766-scaled.jpg 1444w\" sizes=\"auto, (max-width: 578px) 100vw, 578px\" \/><\/figure>\n<\/div>\n\n\n<p><\/p>\n\n\n\n<figure class=\"wp-block-image size-large\"><img loading=\"lazy\" decoding=\"async\" width=\"1024\" height=\"578\" src=\"https:\/\/gswest.schule.neu-ulm.de\/wordpress\/wp-content\/uploads\/2024\/02\/DSC_7561-1024x578.jpg\" alt=\"\" class=\"wp-image-293\" srcset=\"https:\/\/gswest.schule.neu-ulm.de\/wordpress\/wp-content\/uploads\/2024\/02\/DSC_7561-1024x578.jpg 1024w, https:\/\/gswest.schule.neu-ulm.de\/wordpress\/wp-content\/uploads\/2024\/02\/DSC_7561-300x169.jpg 300w, https:\/\/gswest.schule.neu-ulm.de\/wordpress\/wp-content\/uploads\/2024\/02\/DSC_7561-768x433.jpg 768w, https:\/\/gswest.schule.neu-ulm.de\/wordpress\/wp-content\/uploads\/2024\/02\/DSC_7561-1536x867.jpg 1536w, https:\/\/gswest.schule.neu-ulm.de\/wordpress\/wp-content\/uploads\/2024\/02\/DSC_7561-2048x1155.jpg 2048w, https:\/\/gswest.schule.neu-ulm.de\/wordpress\/wp-content\/uploads\/2024\/02\/DSC_7561-1568x885.jpg 1568w\" sizes=\"auto, (max-width: 1024px) 100vw, 1024px\" \/><\/figure>\n\n\n\n<h2 class=\"wp-block-heading\">Kleine Schritte f\u00fcr die Welt<\/h2>\n\n\n\n<p>unter diesem Motto werden die Umweltaktionen der Weststadtschule im Journal der Stadtwerke Ulm\/Neu-Ulm vorgestellt!<\/p>\n\n\n\n<p>SWU-Journalisten haben im Schulgarten Fotos geschossen und ein Interview mit unserer Umweltbeauftragten Frau Baco gef\u00fchrt.<\/p>\n\n\n\n<p>Hier ist der Link zum Bericht im SWU-Journal Seite 04 &#8211; 07 (Ausgabe Juni 2024): <strong><a href=\"https:\/\/www.swu.de\/fileadmin\/content\/unternehmen\/journal\/2024-02\/index.html\">KLICK<\/a><\/strong><\/p>\n\n\n\n<h2 class=\"wp-block-heading\">Was kreucht und fleucht an unseren Schulen<\/h2>\n\n\n\n<p>Im Juni besuchte uns Frau Batke vom Landratsamt Neu-Ulm. Im Rahmen des Projekts &#8222;Was kreucht und fleucht an unseren Schulen&#8220; haben unsere Erst- und Zweitkl\u00e4ssler mit ihr in unserem Schulgarten nach Insekten gesucht. <\/p>\n\n\n\n<p>Mit Becherlupen konnten die Kinder verschiedene Wildbienen, Hummeln, Schwebfliegen und Marienk\u00e4fer f\u00fcr kurze Zeit beobachten, bevor diese wieder in die Freiheit entlassen wurden. Die kleinen Tiere so nah und gro\u00df vor sich zu haben, war eine tolle Erfahrung. <\/p>\n\n\n\n<p>Von Frau Batke haben die Kinder noch interessante Informationen \u00fcber das Leben der Wildbienen erfahren, sich in einem Spiel selber in nektarsuchende Wildbienen verwandelt und dabei entdeckt, dass unser Schulgarten mit vielen Blumen und Bl\u00fcten den Wildbienen ein reiches Nahrungsangebot bietet.<\/p>\n\n\n\n<figure class=\"wp-block-image size-large\"><img loading=\"lazy\" decoding=\"async\" width=\"1024\" height=\"872\" src=\"https:\/\/gswest.schule.neu-ulm.de\/wordpress\/wp-content\/uploads\/2024\/06\/Frau-Batke-1024x872.jpg\" alt=\"\" class=\"wp-image-341\" srcset=\"https:\/\/gswest.schule.neu-ulm.de\/wordpress\/wp-content\/uploads\/2024\/06\/Frau-Batke-1024x872.jpg 1024w, https:\/\/gswest.schule.neu-ulm.de\/wordpress\/wp-content\/uploads\/2024\/06\/Frau-Batke-300x255.jpg 300w, https:\/\/gswest.schule.neu-ulm.de\/wordpress\/wp-content\/uploads\/2024\/06\/Frau-Batke-768x654.jpg 768w, https:\/\/gswest.schule.neu-ulm.de\/wordpress\/wp-content\/uploads\/2024\/06\/Frau-Batke.jpg 1319w\" sizes=\"auto, (max-width: 1024px) 100vw, 1024px\" \/><\/figure>\n\n\n<div class=\"wp-block-image\">\n<figure class=\"aligncenter size-large\"><img loading=\"lazy\" decoding=\"async\" width=\"578\" height=\"1024\" src=\"https:\/\/gswest.schule.neu-ulm.de\/wordpress\/wp-content\/uploads\/2024\/06\/Frau-Batke-kleine-Datei-578x1024.jpg\" alt=\"\" class=\"wp-image-342\" srcset=\"https:\/\/gswest.schule.neu-ulm.de\/wordpress\/wp-content\/uploads\/2024\/06\/Frau-Batke-kleine-Datei-578x1024.jpg 578w, https:\/\/gswest.schule.neu-ulm.de\/wordpress\/wp-content\/uploads\/2024\/06\/Frau-Batke-kleine-Datei-169x300.jpg 169w, https:\/\/gswest.schule.neu-ulm.de\/wordpress\/wp-content\/uploads\/2024\/06\/Frau-Batke-kleine-Datei-768x1361.jpg 768w, https:\/\/gswest.schule.neu-ulm.de\/wordpress\/wp-content\/uploads\/2024\/06\/Frau-Batke-kleine-Datei-867x1536.jpg 867w, https:\/\/gswest.schule.neu-ulm.de\/wordpress\/wp-content\/uploads\/2024\/06\/Frau-Batke-kleine-Datei-1156x2048.jpg 1156w, https:\/\/gswest.schule.neu-ulm.de\/wordpress\/wp-content\/uploads\/2024\/06\/Frau-Batke-kleine-Datei-scaled.jpg 1445w\" sizes=\"auto, (max-width: 578px) 100vw, 578px\" \/><\/figure>\n<\/div>\n\n\n<h2 class=\"wp-block-heading\">Besuch des Schulgartens der Emil-Schmid-Schule<\/h2>\n\n\n\n<p>In der Woche nach den Pfingstferien wurden wir, die Klasse 3a und 3b von Herrn Sommer von der Emil-Schmid-Mittelschule eingeladen, um ihren selbst durch Sch\u00fcler und Lehrer angelegten Schulgarten zu besuchen. <\/p>\n\n\n\n<p>Mit einem I-Pad ausgestattet, durften die Kinder in Gruppen eine Rallye durch den Schulgarten durchlaufen. Durch Scannen des QR-Codes, der an jeder Station angebracht war, wurden die Sch\u00fcler auf die Homepage der Schule geleitet und mussten nun verschiedene Aufgaben erledigen, wodurch die Kinder einiges \u00fcber das Insektenhotel, die Blumenwiese, das Sandarium, die Reptilienburg und die Wintervogelf\u00fctterung erfuhren. <\/p>\n\n\n\n<p>Allen machte es viel Spa\u00df, was auch die Feedbackrunde am Ende zeigte. Bereichert mit vielen Eindr\u00fccken und einem Futterh\u00e4uschen f\u00fcr unsere Schule, das wir von der Emil Schmid Schule als Geschenk bekommen hatten, spazierten wir zur Weststadtschule zur\u00fcck.<\/p>\n\n\n\n<figure class=\"wp-block-image size-large\"><img loading=\"lazy\" decoding=\"async\" width=\"1024\" height=\"768\" src=\"https:\/\/gswest.schule.neu-ulm.de\/wordpress\/wp-content\/uploads\/2024\/06\/IMG_3041-1024x768.jpeg\" alt=\"\" class=\"wp-image-350\" srcset=\"https:\/\/gswest.schule.neu-ulm.de\/wordpress\/wp-content\/uploads\/2024\/06\/IMG_3041-1024x768.jpeg 1024w, https:\/\/gswest.schule.neu-ulm.de\/wordpress\/wp-content\/uploads\/2024\/06\/IMG_3041-300x225.jpeg 300w, https:\/\/gswest.schule.neu-ulm.de\/wordpress\/wp-content\/uploads\/2024\/06\/IMG_3041-768x576.jpeg 768w, https:\/\/gswest.schule.neu-ulm.de\/wordpress\/wp-content\/uploads\/2024\/06\/IMG_3041-1536x1152.jpeg 1536w, https:\/\/gswest.schule.neu-ulm.de\/wordpress\/wp-content\/uploads\/2024\/06\/IMG_3041-1568x1176.jpeg 1568w, https:\/\/gswest.schule.neu-ulm.de\/wordpress\/wp-content\/uploads\/2024\/06\/IMG_3041.jpeg 1920w\" sizes=\"auto, (max-width: 1024px) 100vw, 1024px\" \/><\/figure>\n\n\n\n<figure class=\"wp-block-image size-large\"><img loading=\"lazy\" decoding=\"async\" width=\"1024\" height=\"861\" src=\"https:\/\/gswest.schule.neu-ulm.de\/wordpress\/wp-content\/uploads\/2024\/06\/IMG_3036-1024x861.jpeg\" alt=\"\" class=\"wp-image-351\" srcset=\"https:\/\/gswest.schule.neu-ulm.de\/wordpress\/wp-content\/uploads\/2024\/06\/IMG_3036-1024x861.jpeg 1024w, https:\/\/gswest.schule.neu-ulm.de\/wordpress\/wp-content\/uploads\/2024\/06\/IMG_3036-300x252.jpeg 300w, https:\/\/gswest.schule.neu-ulm.de\/wordpress\/wp-content\/uploads\/2024\/06\/IMG_3036-768x646.jpeg 768w, https:\/\/gswest.schule.neu-ulm.de\/wordpress\/wp-content\/uploads\/2024\/06\/IMG_3036-1536x1291.jpeg 1536w, https:\/\/gswest.schule.neu-ulm.de\/wordpress\/wp-content\/uploads\/2024\/06\/IMG_3036-1568x1318.jpeg 1568w, https:\/\/gswest.schule.neu-ulm.de\/wordpress\/wp-content\/uploads\/2024\/06\/IMG_3036.jpeg 1920w\" sizes=\"auto, (max-width: 1024px) 100vw, 1024px\" \/><\/figure>\n\n\n\n<figure class=\"wp-block-image size-large\"><img loading=\"lazy\" decoding=\"async\" width=\"768\" height=\"1024\" src=\"https:\/\/gswest.schule.neu-ulm.de\/wordpress\/wp-content\/uploads\/2024\/06\/IMG_3024-768x1024.jpeg\" alt=\"\" class=\"wp-image-352\" srcset=\"https:\/\/gswest.schule.neu-ulm.de\/wordpress\/wp-content\/uploads\/2024\/06\/IMG_3024-768x1024.jpeg 768w, https:\/\/gswest.schule.neu-ulm.de\/wordpress\/wp-content\/uploads\/2024\/06\/IMG_3024-225x300.jpeg 225w, https:\/\/gswest.schule.neu-ulm.de\/wordpress\/wp-content\/uploads\/2024\/06\/IMG_3024-1152x1536.jpeg 1152w, https:\/\/gswest.schule.neu-ulm.de\/wordpress\/wp-content\/uploads\/2024\/06\/IMG_3024.jpeg 1440w\" sizes=\"auto, (max-width: 768px) 100vw, 768px\" \/><\/figure>\n\n\n\n<h2 class=\"wp-block-heading\">Gr\u00fcne Meilen<\/h2>\n\n\n\n<p>Die Kinder unserer Schule sammelte in der Zeit 10.6.24 -21.6.24 wieder flei\u00dfig &#8222;Gr\u00fcne Meilen&#8220; f\u00fcr das Weltklima. Es z\u00e4hlte jeder umweltfreundlich zur\u00fcckgelegten Schulweg &#8211; zu Fu\u00df, mit dem Roller oder mit dem Fahrrad &#8211; sowie jede Fr\u00fchst\u00fccksdose ohne Plastikverpackungen.<\/p>\n\n\n\n<figure class=\"wp-block-image size-large\"><img loading=\"lazy\" decoding=\"async\" width=\"1013\" height=\"1024\" src=\"https:\/\/gswest.schule.neu-ulm.de\/wordpress\/wp-content\/uploads\/2024\/07\/Foto-Gruene-Meilen-1013x1024.jpg\" alt=\"\" class=\"wp-image-373\" srcset=\"https:\/\/gswest.schule.neu-ulm.de\/wordpress\/wp-content\/uploads\/2024\/07\/Foto-Gruene-Meilen-1013x1024.jpg 1013w, https:\/\/gswest.schule.neu-ulm.de\/wordpress\/wp-content\/uploads\/2024\/07\/Foto-Gruene-Meilen-297x300.jpg 297w, https:\/\/gswest.schule.neu-ulm.de\/wordpress\/wp-content\/uploads\/2024\/07\/Foto-Gruene-Meilen-768x776.jpg 768w, https:\/\/gswest.schule.neu-ulm.de\/wordpress\/wp-content\/uploads\/2024\/07\/Foto-Gruene-Meilen.jpg 1108w\" sizes=\"auto, (max-width: 1013px) 100vw, 1013px\" \/><\/figure>\n","protected":false},"excerpt":{"rendered":"<p>Dass Klimaschutz nicht erst seit heute wichtig ist, verstehen auch schon die Grundschulkinder und so vermitteln wir Ihnen, welche Rolle sie selbst daf\u00fcr spielen. Als &#8222;Kleine Klimasch\u00fctzer unterwegs&#8220; sammeln sie gr\u00fcne Meilen f\u00fcr den umweltfreundlichen Schulweg. Zugleich haben wir mit allen Klassen Fr\u00fchbl\u00fcherbeete angelegt, Hochbeete inklusive Besatz fanden ebenso Einzug, ein Kompost nimmt den in&hellip; <a class=\"more-link\" href=\"https:\/\/gswest.schule.neu-ulm.de\/wordpress\/?page_id=235\"><span class=\"screen-reader-text\">Kleine Klimasch\u00fctzer<\/span> weiterlesen<\/a><\/p>\n","protected":false},"author":1,"featured_media":0,"parent":0,"menu_order":0,"comment_status":"closed","ping_status":"closed","template":"","meta":{"footnotes":""},"class_list":["post-235","page","type-page","status-publish","hentry","entry"],"yoast_head":"<!-- This site is optimized with the Yoast SEO plugin v27.4 - https:\/\/yoast.com\/product\/yoast-seo-wordpress\/ -->\n<title>Kleine Klimasch\u00fctzer - Grundschule Neu-Ulm Weststadt<\/title>\n<meta name=\"robots\" content=\"index, follow, max-snippet:-1, max-image-preview:large, max-video-preview:-1\" \/>\n<link rel=\"canonical\" href=\"https:\/\/gswest.schule.neu-ulm.de\/wordpress\/?page_id=235\" \/>\n<meta property=\"og:locale\" content=\"de_DE\" \/>\n<meta property=\"og:type\" content=\"article\" \/>\n<meta property=\"og:title\" content=\"Kleine Klimasch\u00fctzer - Grundschule Neu-Ulm Weststadt\" \/>\n<meta property=\"og:description\" content=\"Dass Klimaschutz nicht erst seit heute wichtig ist, verstehen auch schon die Grundschulkinder und so vermitteln wir Ihnen, welche Rolle sie selbst daf\u00fcr spielen. Als &#8222;Kleine Klimasch\u00fctzer unterwegs&#8220; sammeln sie gr\u00fcne Meilen f\u00fcr den umweltfreundlichen Schulweg. Zugleich haben wir mit allen Klassen Fr\u00fchbl\u00fcherbeete angelegt, Hochbeete inklusive Besatz fanden ebenso Einzug, ein Kompost nimmt den in&hellip; Kleine Klimasch\u00fctzer weiterlesen\" \/>\n<meta property=\"og:url\" content=\"https:\/\/gswest.schule.neu-ulm.de\/wordpress\/?page_id=235\" \/>\n<meta property=\"og:site_name\" content=\"Grundschule Neu-Ulm Weststadt\" \/>\n<meta property=\"article:modified_time\" content=\"2024-07-17T10:30:25+00:00\" \/>\n<meta property=\"og:image\" content=\"https:\/\/gswest.schule.neu-ulm.de\/wordpress\/wp-content\/uploads\/2024\/02\/Logo-KleineKlimaschuetzerunterwegs.jpg\" \/>\n<meta name=\"twitter:card\" content=\"summary_large_image\" \/>\n<meta name=\"twitter:label1\" content=\"Gesch\u00e4tzte Lesezeit\" \/>\n\t<meta name=\"twitter:data1\" content=\"5\u00a0Minuten\" \/>\n<script type=\"application\/ld+json\" class=\"yoast-schema-graph\">{\"@context\":\"https:\\\/\\\/schema.org\",\"@graph\":[{\"@type\":\"WebPage\",\"@id\":\"https:\\\/\\\/gswest.schule.neu-ulm.de\\\/wordpress\\\/?page_id=235\",\"url\":\"https:\\\/\\\/gswest.schule.neu-ulm.de\\\/wordpress\\\/?page_id=235\",\"name\":\"Kleine Klimasch\u00fctzer - Grundschule Neu-Ulm Weststadt\",\"isPartOf\":{\"@id\":\"https:\\\/\\\/gswest.schule.neu-ulm.de\\\/wordpress\\\/#website\"},\"primaryImageOfPage\":{\"@id\":\"https:\\\/\\\/gswest.schule.neu-ulm.de\\\/wordpress\\\/?page_id=235#primaryimage\"},\"image\":{\"@id\":\"https:\\\/\\\/gswest.schule.neu-ulm.de\\\/wordpress\\\/?page_id=235#primaryimage\"},\"thumbnailUrl\":\"https:\\\/\\\/gswest.schule.neu-ulm.de\\\/wordpress\\\/wp-content\\\/uploads\\\/2024\\\/02\\\/Logo-KleineKlimaschuetzerunterwegs.jpg\",\"datePublished\":\"2024-02-02T10:42:49+00:00\",\"dateModified\":\"2024-07-17T10:30:25+00:00\",\"breadcrumb\":{\"@id\":\"https:\\\/\\\/gswest.schule.neu-ulm.de\\\/wordpress\\\/?page_id=235#breadcrumb\"},\"inLanguage\":\"de\",\"potentialAction\":[{\"@type\":\"ReadAction\",\"target\":[\"https:\\\/\\\/gswest.schule.neu-ulm.de\\\/wordpress\\\/?page_id=235\"]}]},{\"@type\":\"ImageObject\",\"inLanguage\":\"de\",\"@id\":\"https:\\\/\\\/gswest.schule.neu-ulm.de\\\/wordpress\\\/?page_id=235#primaryimage\",\"url\":\"https:\\\/\\\/gswest.schule.neu-ulm.de\\\/wordpress\\\/wp-content\\\/uploads\\\/2024\\\/02\\\/Logo-KleineKlimaschuetzerunterwegs.jpg\",\"contentUrl\":\"https:\\\/\\\/gswest.schule.neu-ulm.de\\\/wordpress\\\/wp-content\\\/uploads\\\/2024\\\/02\\\/Logo-KleineKlimaschuetzerunterwegs.jpg\",\"width\":1011,\"height\":930},{\"@type\":\"BreadcrumbList\",\"@id\":\"https:\\\/\\\/gswest.schule.neu-ulm.de\\\/wordpress\\\/?page_id=235#breadcrumb\",\"itemListElement\":[{\"@type\":\"ListItem\",\"position\":1,\"name\":\"Startseite\",\"item\":\"https:\\\/\\\/gswest.schule.neu-ulm.de\\\/wordpress\\\/\"},{\"@type\":\"ListItem\",\"position\":2,\"name\":\"Kleine Klimasch\u00fctzer\"}]},{\"@type\":\"WebSite\",\"@id\":\"https:\\\/\\\/gswest.schule.neu-ulm.de\\\/wordpress\\\/#website\",\"url\":\"https:\\\/\\\/gswest.schule.neu-ulm.de\\\/wordpress\\\/\",\"name\":\"Grundschule Neu-Ulm Weststadt\",\"description\":\"\",\"potentialAction\":[{\"@type\":\"SearchAction\",\"target\":{\"@type\":\"EntryPoint\",\"urlTemplate\":\"https:\\\/\\\/gswest.schule.neu-ulm.de\\\/wordpress\\\/?s={search_term_string}\"},\"query-input\":{\"@type\":\"PropertyValueSpecification\",\"valueRequired\":true,\"valueName\":\"search_term_string\"}}],\"inLanguage\":\"de\"}]}<\/script>\n<!-- \/ Yoast SEO plugin. -->","yoast_head_json":{"title":"Kleine Klimasch\u00fctzer - Grundschule Neu-Ulm Weststadt","robots":{"index":"index","follow":"follow","max-snippet":"max-snippet:-1","max-image-preview":"max-image-preview:large","max-video-preview":"max-video-preview:-1"},"canonical":"https:\/\/gswest.schule.neu-ulm.de\/wordpress\/?page_id=235","og_locale":"de_DE","og_type":"article","og_title":"Kleine Klimasch\u00fctzer - Grundschule Neu-Ulm Weststadt","og_description":"Dass Klimaschutz nicht erst seit heute wichtig ist, verstehen auch schon die Grundschulkinder und so vermitteln wir Ihnen, welche Rolle sie selbst daf\u00fcr spielen. Als &#8222;Kleine Klimasch\u00fctzer unterwegs&#8220; sammeln sie gr\u00fcne Meilen f\u00fcr den umweltfreundlichen Schulweg. Zugleich haben wir mit allen Klassen Fr\u00fchbl\u00fcherbeete angelegt, Hochbeete inklusive Besatz fanden ebenso Einzug, ein Kompost nimmt den in&hellip; Kleine Klimasch\u00fctzer weiterlesen","og_url":"https:\/\/gswest.schule.neu-ulm.de\/wordpress\/?page_id=235","og_site_name":"Grundschule Neu-Ulm Weststadt","article_modified_time":"2024-07-17T10:30:25+00:00","og_image":[{"url":"https:\/\/gswest.schule.neu-ulm.de\/wordpress\/wp-content\/uploads\/2024\/02\/Logo-KleineKlimaschuetzerunterwegs.jpg","type":"","width":"","height":""}],"twitter_card":"summary_large_image","twitter_misc":{"Gesch\u00e4tzte Lesezeit":"5\u00a0Minuten"},"schema":{"@context":"https:\/\/schema.org","@graph":[{"@type":"WebPage","@id":"https:\/\/gswest.schule.neu-ulm.de\/wordpress\/?page_id=235","url":"https:\/\/gswest.schule.neu-ulm.de\/wordpress\/?page_id=235","name":"Kleine Klimasch\u00fctzer - Grundschule Neu-Ulm Weststadt","isPartOf":{"@id":"https:\/\/gswest.schule.neu-ulm.de\/wordpress\/#website"},"primaryImageOfPage":{"@id":"https:\/\/gswest.schule.neu-ulm.de\/wordpress\/?page_id=235#primaryimage"},"image":{"@id":"https:\/\/gswest.schule.neu-ulm.de\/wordpress\/?page_id=235#primaryimage"},"thumbnailUrl":"https:\/\/gswest.schule.neu-ulm.de\/wordpress\/wp-content\/uploads\/2024\/02\/Logo-KleineKlimaschuetzerunterwegs.jpg","datePublished":"2024-02-02T10:42:49+00:00","dateModified":"2024-07-17T10:30:25+00:00","breadcrumb":{"@id":"https:\/\/gswest.schule.neu-ulm.de\/wordpress\/?page_id=235#breadcrumb"},"inLanguage":"de","potentialAction":[{"@type":"ReadAction","target":["https:\/\/gswest.schule.neu-ulm.de\/wordpress\/?page_id=235"]}]},{"@type":"ImageObject","inLanguage":"de","@id":"https:\/\/gswest.schule.neu-ulm.de\/wordpress\/?page_id=235#primaryimage","url":"https:\/\/gswest.schule.neu-ulm.de\/wordpress\/wp-content\/uploads\/2024\/02\/Logo-KleineKlimaschuetzerunterwegs.jpg","contentUrl":"https:\/\/gswest.schule.neu-ulm.de\/wordpress\/wp-content\/uploads\/2024\/02\/Logo-KleineKlimaschuetzerunterwegs.jpg","width":1011,"height":930},{"@type":"BreadcrumbList","@id":"https:\/\/gswest.schule.neu-ulm.de\/wordpress\/?page_id=235#breadcrumb","itemListElement":[{"@type":"ListItem","position":1,"name":"Startseite","item":"https:\/\/gswest.schule.neu-ulm.de\/wordpress\/"},{"@type":"ListItem","position":2,"name":"Kleine Klimasch\u00fctzer"}]},{"@type":"WebSite","@id":"https:\/\/gswest.schule.neu-ulm.de\/wordpress\/#website","url":"https:\/\/gswest.schule.neu-ulm.de\/wordpress\/","name":"Grundschule Neu-Ulm Weststadt","description":"","potentialAction":[{"@type":"SearchAction","target":{"@type":"EntryPoint","urlTemplate":"https:\/\/gswest.schule.neu-ulm.de\/wordpress\/?s={search_term_string}"},"query-input":{"@type":"PropertyValueSpecification","valueRequired":true,"valueName":"search_term_string"}}],"inLanguage":"de"}]}},"_links":{"self":[{"href":"https:\/\/gswest.schule.neu-ulm.de\/wordpress\/index.php?rest_route=\/wp\/v2\/pages\/235","targetHints":{"allow":["GET"]}}],"collection":[{"href":"https:\/\/gswest.schule.neu-ulm.de\/wordpress\/index.php?rest_route=\/wp\/v2\/pages"}],"about":[{"href":"https:\/\/gswest.schule.neu-ulm.de\/wordpress\/index.php?rest_route=\/wp\/v2\/types\/page"}],"author":[{"embeddable":true,"href":"https:\/\/gswest.schule.neu-ulm.de\/wordpress\/index.php?rest_route=\/wp\/v2\/users\/1"}],"replies":[{"embeddable":true,"href":"https:\/\/gswest.schule.neu-ulm.de\/wordpress\/index.php?rest_route=%2Fwp%2Fv2%2Fcomments&post=235"}],"version-history":[{"count":9,"href":"https:\/\/gswest.schule.neu-ulm.de\/wordpress\/index.php?rest_route=\/wp\/v2\/pages\/235\/revisions"}],"predecessor-version":[{"id":375,"href":"https:\/\/gswest.schule.neu-ulm.de\/wordpress\/index.php?rest_route=\/wp\/v2\/pages\/235\/revisions\/375"}],"wp:attachment":[{"href":"https:\/\/gswest.schule.neu-ulm.de\/wordpress\/index.php?rest_route=%2Fwp%2Fv2%2Fmedia&parent=235"}],"curies":[{"name":"wp","href":"https:\/\/api.w.org\/{rel}","templated":true}]}}